{"id":2,"date":"2012-05-08T08:57:10","date_gmt":"2012-05-08T08:57:10","guid":{"rendered":"http:\/\/www.amaplaneteblanquefort.fr\/wordpress\/?page_id=2"},"modified":"2025-08-28T07:34:24","modified_gmt":"2025-08-28T05:34:24","slug":"page-d-exemple","status":"publish","type":"page","link":"http:\/\/www.amaplaneteblanquefort.fr\/wordpress\/page-d-exemple\/","title":{"rendered":"QUI SOMMES NOUS ?"},"content":{"rendered":"<h3>Les responsables de d&rsquo;AMAPlan\u00e8te-BLANQUEFORT :<\/h3>\n<ul>\n<li>\n<h3>les Responsables Produits (Coordinateurs)<\/h3>\n<\/li>\n<li>\n<h3>le Conseil Coll\u00e9gial \u00e9lu lors de l&rsquo;Assembl\u00e9e G\u00e9n\u00e9rale du 17\u00a0 janvier 2025<\/h3>\n<\/li>\n<\/ul>\n<h3>Membres du Bureau 2025 \u00e9lus par le Conseil Coll\u00e9gial\u00a0\u00a0<\/h3>\n<ul>\n<li><span style=\"color: #ff6600; font-size: 1.17em;\">Coordinateurs g\u00e9n\u00e9raux : \u00a0Fran\u00e7ois DUBOURG, Sarah GRAVES<br \/><\/span><\/li>\n<li><span style=\"color: #ff6600; font-size: 1.17em;\">Tr\u00e9sori\u00e8re\u00a0 : Marie des Lys SAITTA<br \/><\/span><\/li>\n<li><span style=\"color: #ff6600; font-size: 1.17em;\">Tr\u00e9sori\u00e8re<\/span> <span style=\"color: #ff6600; font-size: 1.17em;\">adjointe<\/span> <span style=\"color: #ff6600;\">: Armelle JOUSSAUME<\/span><\/li>\n<li><span style=\"color: #ff6600; font-size: 1.17em;\">Secr\u00e9taire : Ghislaine DOUCET<\/span><\/li>\n<li><span style=\"color: #ff6600; font-size: 1.17em;\">Secr\u00e9taire adjointe : Marc BOGAS<br \/><\/span><\/li>\n<\/ul>\n<h3>Pour nous contacter : amaplaneteblanquefort@gmail.com<\/h3>\n<p><b>Fran\u00e7ois DUBOURG 06 26 64 75 14\u00a0<\/b><\/p>\n<p><strong>Livraisons<\/strong>\u00a0<strong><span style=\"color: #800080;\"> \u00e0 la Vacherie, acc\u00e8s par le parking en haut des grottes de Majolan.<\/span><\/strong><\/p>\n<p><em><strong>Horaires: 18h45 \u00e0 19h45\u00a0 \u00a0 \u00a0 \u00a0 \u00a0 \u00a0 \u00a0 \u00a0 \u00a0 \u00a0 \u00a0Arriv\u00e9e entre 18h15 et 18h30 pour l&rsquo;aide \u00e0 installation<\/strong><\/em><\/p>\n\n\n<h3 class=\"wp-block-heading\" id=\"nos-textes-fondateurs\">NOS TEXTES FONDATEURS :<\/h3>\n\n\n\n<p>les statuts de notre AMAP modifi\u00e9s lors de l&rsquo;AGExtraordinaire du 10 01 2014<\/p>\n\n\n\n<p><a href=\"http:\/\/www.amaplaneteblanquefort.fr\/wordpress\/wp-content\/uploads\/2012\/05\/Statuts-AMAPlan\u00e8te.pdf\">Statuts AMAPlan\u00e8te<\/a>&nbsp;&nbsp;&nbsp;&nbsp;&nbsp;&nbsp;&nbsp;&nbsp;&nbsp;&nbsp; <a href=\"http:\/\/www.amaplaneteblanquefort.fr\/wordpress\/wp-content\/uploads\/2012\/05\/PV-AG-EXTRAORDINAIRE-20140110.pdf\">PV-AG-EXTRAORDINAIRE-20140110<\/a><\/p>\n\n\n\n<p>et la Charte constitutive des AMAP.&nbsp;&nbsp;&nbsp;&nbsp;&nbsp;&nbsp; <a href=\"http:\/\/www.amaplaneteblanquefort.fr\/wordpress\/wp-content\/uploads\/2012\/05\/charteamap.pdf\">charteamap<\/a><\/p>\n","protected":false},"excerpt":{"rendered":"<p>Les responsables de d&rsquo;AMAPlan\u00e8te-BLANQUEFORT : les Responsables Produits (Coordinateurs) le Conseil Coll\u00e9gial \u00e9lu lors de l&rsquo;Assembl\u00e9e G\u00e9n\u00e9rale du 17\u00a0 janvier 2025 Membres du Bureau 2025 \u00e9lus par le Conseil Coll\u00e9gial\u00a0\u00a0 Coordinateurs g\u00e9n\u00e9raux : \u00a0Fran\u00e7ois DUBOURG, Sarah GRAVES Tr\u00e9sori\u00e8re\u00a0 : Marie des Lys SAITTA Tr\u00e9sori\u00e8re adjointe : Armelle JOUSSAUME Secr\u00e9taire : Ghislaine DOUCET Secr\u00e9taire adjointe : &hellip; <a href=\"http:\/\/www.amaplaneteblanquefort.fr\/wordpress\/page-d-exemple\/\" class=\"more-link\">Continuer la lecture de <span class=\"screen-reader-text\">QUI SOMMES NOUS ?<\/span> <span class=\"meta-nav\">&rarr;<\/span><\/a><\/p>\n","protected":false},"author":975,"featured_media":0,"parent":0,"menu_order":1,"comment_status":"closed","ping_status":"open","template":"","meta":{"footnotes":""},"class_list":["post-2","page","type-page","status-publish","hentry"],"_links":{"self":[{"href":"http:\/\/www.amaplaneteblanquefort.fr\/wordpress\/wp-json\/wp\/v2\/pages\/2","targetHints":{"allow":["GET"]}}],"collection":[{"href":"http:\/\/www.amaplaneteblanquefort.fr\/wordpress\/wp-json\/wp\/v2\/pages"}],"about":[{"href":"http:\/\/www.amaplaneteblanquefort.fr\/wordpress\/wp-json\/wp\/v2\/types\/page"}],"author":[{"embeddable":true,"href":"http:\/\/www.amaplaneteblanquefort.fr\/wordpress\/wp-json\/wp\/v2\/users\/975"}],"replies":[{"embeddable":true,"href":"http:\/\/www.amaplaneteblanquefort.fr\/wordpress\/wp-json\/wp\/v2\/comments?post=2"}],"version-history":[{"count":74,"href":"http:\/\/www.amaplaneteblanquefort.fr\/wordpress\/wp-json\/wp\/v2\/pages\/2\/revisions"}],"predecessor-version":[{"id":14591,"href":"http:\/\/www.amaplaneteblanquefort.fr\/wordpress\/wp-json\/wp\/v2\/pages\/2\/revisions\/14591"}],"wp:attachment":[{"href":"http:\/\/www.amaplaneteblanquefort.fr\/wordpress\/wp-json\/wp\/v2\/media?parent=2"}],"curies":[{"name":"wp","href":"https:\/\/api.w.org\/{rel}","templated":true}]}}