{"id":10,"date":"2012-05-08T11:40:21","date_gmt":"2012-05-08T09:40:21","guid":{"rendered":"http:\/\/www.amaplaneteblanquefort.fr\/wordpress\/?page_id=10"},"modified":"2025-09-05T15:35:07","modified_gmt":"2025-09-05T13:35:07","slug":"nos-producteurs","status":"publish","type":"page","link":"http:\/\/www.amaplaneteblanquefort.fr\/wordpress\/nos-producteurs\/","title":{"rendered":"LES PRODUCTEURS"},"content":{"rendered":"\n<h3 class=\"wp-block-heading\"><em>UN CONTRAT VOUS INTERESSE ?<\/em><\/h3>\n\n\n\n<p class=\"has-text-color has-medium-font-size\" style=\"color:#156037\"><strong>AGNEAU  la Ferme du Paillot<\/strong> Pascal et Dominique SANCIER \u00e0 Saint Antoine sur l\u2019Isle(<em>Sert AMAPlan\u00e8te Blanquefort depuis 2008<\/em>) <a href=\"http:\/\/www.amaplaneteblanquefort.fr\/wordpress\/2022\/08\/22\/presentation-agneau\/\" data-type=\"post\" data-id=\"14397\">Pr\u00e9sentation du contrat Agneau<\/a><\/p>\n\n\n\n<p class=\"has-text-color has-medium-font-size\" style=\"color:#156037\"><strong>ASPERGES<\/strong> <a href=\"http:\/\/www.amaplaneteblanquefort.fr\/wordpress\/2022\/08\/22\/presentation-asperges\/\" data-type=\"post\" data-id=\"14400\">Pr\u00e9sentation contrat Asperges<\/a><\/p>\n\n\n\n<p class=\"has-text-color has-medium-font-size\" style=\"color:#156037\"><strong>BOEUF &#8211; VEAU<\/strong> Laurent LABEGURIE \u00e0 Blanquefort (<em>Sert AMAPlan\u00e8te  depuis 2008<\/em>) <a href=\"http:\/\/www.amaplaneteblanquefort.fr\/wordpress\/2022\/08\/22\/presentation-boeuf\/\" data-type=\"post\" data-id=\"14403\">Pr\u00e9sentation du contrat Boeuf<\/a><\/p>\n\n\n\n<p class=\"has-medium-font-size\"><strong>CHAMPIGNONS <\/strong> Laurent DISSON (LO CHAMPI BIO) fait pousser champignons  dans une carri\u00e8re \u00e0 St GERMAIN de la Rivi\u00e8re (en Gironde). (Sert AMAPlaneteBlanquefort depuis f\u00e9vrier 2023) <a href=\"https:\/\/www.amaplaneteblanquefort.fr\/wordpress\/2025\/07\/04\/presentation-du-contrat-champignons\/\" data-type=\"post\" data-id=\"14582\">Pr\u00e9sentation du contrat Champignons<\/a><\/p>\n\n\n\n<p class=\"has-medium-font-size\"><\/p>\n\n\n\n<p class=\"has-medium-font-size\"><strong>CIDRE<\/strong> Marion et Jeremy Dericke (HIC) ont une cidrerie install\u00e9e \u00e0 Sadirac (33) <a href=\"https:\/\/www.amaplaneteblanquefort.fr\/wordpress\/2022\/08\/22\/presentation-produits-menagers\/\" data-type=\"post\" data-id=\"14390\">Pr\u00e9sentation du contrat Cidre<\/a><\/p>\n\n\n\n<p class=\"has-medium-font-size\"><strong>CONFITURES  <em>les  Confitures Solidaires<\/em><\/strong> E.N.S. \u00e0 Bordeaux(Sert AMAPlaneteBlanquefort depuis 2023) <a href=\"http:\/\/www.amaplaneteblanquefort.fr\/wordpress\/2022\/08\/31\/presentation-les-confitures-solidaires\/\" data-type=\"post\" data-id=\"14482\">Pr\u00e9sentation  du contrat les Confitures Solidaires<\/a><\/p>\n\n\n\n<p class=\"has-medium-font-size\"><strong>FLEURS<\/strong> \u00a0\u00bb <strong>La Ferme aux Fleurs<\/strong>\u00a0:\u00a0Sandrine LOQUET est install\u00e9e en production florale \u00e0 Romagne (Gironde ) (Sert AMAPlaneteBlanquefort depuis 2022)<em> <\/em> <a href=\"http:\/\/www.amaplaneteblanquefort.fr\/wordpress\/2022\/01\/22\/presentation-de-la-ferme-aux-fleurs\/\">Pr\u00e9sentation du contrat  La ferme aux fleur<\/a>s<\/p>\n\n\n\n<p class=\"has-medium-font-size\"><strong>FROMAGES<\/strong> <strong>DE<\/strong> <strong>BREBIS <\/strong>la Vacherie &#8211; Blanquefort Julien SARRES berger, \u00e9leveur, producteur de fromage &nbsp;(<em>Sert AMAPlan\u00e8te Blanquefort depuis 2008<\/em>) <a href=\"http:\/\/www.amaplaneteblanquefort.fr\/wordpress\/2022\/08\/22\/presentation-brebis\/\" data-type=\"post\" data-id=\"14406\">Pr\u00e9sentation du contrat Fromage Brebis<\/a><\/p>\n\n\n\n<p class=\"has-medium-font-size\"><strong>FROMAGES DE<\/strong> <strong>CHEVRE <\/strong>EARL \u00ab\u00a0<strong>ferme MANIEU\u00a0\u00bb No\u00ebl <\/strong>Marl\u00e8ne SERRANO, \u00e9leveur-producteur <strong>\u00e0 COURPIAC<\/strong> (<em>Sert AMAPlan\u00e8te Blanquefort depuis 2008<\/em>) <a href=\"http:\/\/www.amaplaneteblanquefort.fr\/wordpress\/2022\/08\/22\/presentation-chevre\/\" data-type=\"post\" data-id=\"14410\">Pr\u00e9sentation du contrat fromage de Ch\u00e8vre<\/a><\/p>\n\n\n\n<p class=\"has-text-color has-medium-font-size\" style=\"color:#156037\"><strong>PETITS FRUITS ROUGES &nbsp;\u00ab&nbsp;Coeur de fruits&nbsp;\u00bb<\/strong>J\u00e9r\u00e9my CORBEAU au Buisson de Cadouin (Dordogne) ( S<em>ert AMAPlan\u00e8te Blanquefort depuis 2016<\/em>) <a href=\"http:\/\/www.amaplaneteblanquefort.fr\/wordpress\/2022\/08\/22\/presentation-fruits-rouges\/\" data-type=\"post\" data-id=\"14414\">Pr\u00e9sentation du contrat Fruits rouges<\/a><\/p>\n\n\n\n<p class=\"has-dark-gray-color has-text-color has-medium-font-size\"><strong>FRUITS D\u2019ETE<\/strong> Alain BOTTECCHIA \u00e0 Monbahus (Lot et Garonne (<em>Sert AMAPlan\u00e8te Blanquefort depuis 2012<\/em>) <a href=\"http:\/\/www.amaplaneteblanquefort.fr\/wordpress\/2022\/08\/22\/presentation-fruits\/\" data-type=\"post\" data-id=\"14412\">Pr\u00e9sentation du contrat Fruits d&rsquo;Et\u00e9 <\/a><\/p>\n\n\n\n<p class=\"has-medium-font-size\"><strong>FRAISES<\/strong> La ferme s&rsquo;appelle \u00ab&nbsp;\u00abAu Rouge Verger&nbsp;\u00bb&nbsp;Jocelyne GAUTHIER,&nbsp; est&nbsp;install\u00e9e en agriculture biologique depuis 2022 \u00e0 Cun\u00e8ges, en Dordogne, \u00e0 15 km au sud de Bergerac. (<em>Sert AMAPlan\u00e8te Blanquefort depuis 2024<\/em>) <a href=\"https:\/\/www.amaplaneteblanquefort.fr\/wordpress\/2025\/07\/04\/presentation-contrat-fraises\/\" data-type=\"post\" data-id=\"14576\">Pr\u00e9sentation du contrat Fraises<\/a><\/p>\n\n\n\n<p class=\"has-medium-font-size\"><strong>HUILE D&rsquo;OLIVE<\/strong> Pablo et Axel SANTOS <a href=\"https:\/\/www.amaplaneteblanquefort.fr\/wordpress\/2025\/07\/04\/14561\/\" data-type=\"post\" data-id=\"14561\">Pr\u00e9sentation du contrat huile d\u2019olive<\/a><\/p>\n\n\n\n<p class=\"has-text-color has-medium-font-size\" style=\"color:#156037\"><strong>HUITRES <\/strong><a href=\"http:\/\/www.amaplaneteblanquefort.fr\/wordpress\/2022\/08\/22\/presentation-huitres\/\" data-type=\"post\" data-id=\"14416\"> <\/a><a href=\"http:\/\/www.amaplaneteblanquefort.fr\/wordpress\/2022\/08\/22\/presentation-huitres\/\" data-type=\"post\" data-id=\"14416\">Pr\u00e9sentation du contrat Huitres<\/a><\/p>\n\n\n\n<p class=\"has-text-color has-medium-font-size\" style=\"color:#156037\"><strong>KIWIS La ferme des 2 Rivi\u00e8res \u00e0 Barie<\/strong> Marie et Laurent BRUNEL, Ont succ\u00e9d\u00e9 \u00e0 Jacqueline et Yvon DUCOS (<em>Sert AMAPlan\u00e8te  depuis 2013<\/em>) <a href=\"http:\/\/www.amaplaneteblanquefort.fr\/wordpress\/2022\/08\/22\/presentation-kiwis\/\" data-type=\"post\" data-id=\"14418\">Pr\u00e9sentation du contrat Kiwis<\/a><\/p>\n\n\n\n<p class=\"has-text-color has-medium-font-size\" style=\"color:#131211\"><strong>MIEL&nbsp; <\/strong><a href=\"http:\/\/www.amaplaneteblanquefort.fr\/wordpress\/2022\/08\/22\/presentation-contrat-miel\/\" data-type=\"post\" data-id=\"14443\">Pr\u00e9sentation contrat miel<\/a><\/p>\n\n\n\n<p class=\"has-text-color has-medium-font-size\" style=\"color:#156037\"><strong>LEGUME<\/strong> en cours de creation <a href=\"http:\/\/www.amaplaneteblanquefort.fr\/wordpress\/2022\/08\/22\/presentation-contrat-legumes\/\" data-type=\"post\" data-id=\"14441\">Pr\u00e9sentation Du contrat l\u00e9gumes<\/a><\/p>\n\n\n\n<p class=\"has-medium-font-size\"><strong>PAIN <\/strong> LA COLLECTIVE  en creationPr\u00e9sentation du contrat PAIN<\/p>\n\n\n\n<p class=\"has-medium-font-size\"><strong>PLANTES AROMATIQUES<\/strong> Vanessa VITAL Le Taillan <em>(Sert AMAPlan\u00e8te depuis 2020)<\/em> <a href=\"http:\/\/www.amaplaneteblanquefort.fr\/wordpress\/2023\/11\/11\/presentation-des-plantes-aromatiques\/\" data-type=\"post\" data-id=\"14527\">Pr\u00e9sentation du contrat  Les plantes aromatiques<\/a><\/p>\n\n\n\n<p><\/p>\n\n\n\n<p class=\"has-medium-font-size\"><strong>POISSONS<\/strong> Olivier ARGELAS<strong>,<\/strong> marin p\u00eacheur \u00e0 L\u00e8ge-Cap Ferret.(Sert AMAPlan\u00e8te Blanquefort depuis 2014) <a href=\"https:\/\/www.amaplaneteblanquefort.fr\/wordpress\/nos-producteurs\/la-peche\/\" data-type=\"page\" data-id=\"925\">Pr\u00e9sentation du contrat poissons<\/a><\/p>\n\n\n\n<p><\/p>\n\n\n\n<p class=\"has-dark-gray-color has-text-color has-medium-font-size\"><strong>POMMES<\/strong> Lucas et Alex DUPEBE \u00ab\u00a0les Coteaux de Boutau\u00a0\u00bb Les Esseintes (33190]  <a href=\"https:\/\/www.amaplaneteblanquefort.fr\/wordpress\/2022\/08\/22\/presentation-contat-pommes\/\" data-type=\"post\" data-id=\"14451\">Pr\u00e9sentation du contrat Pommes<\/a><\/p>\n\n\n\n<p class=\"has-text-color has-medium-font-size\" style=\"color:#156037\"><strong>PORC&nbsp; Ferme des Charmes <\/strong>St\u00e9phanie et Jules CHAMOY-RAFFOU \u00e0 St Aquilin (Dordogne) <em>Sert AMAPlan\u00e8te Blanquefort depuis 2019<\/em>) <a href=\"http:\/\/www.amaplaneteblanquefort.fr\/wordpress\/2022\/08\/22\/presentation-contrat-porc\/\" data-type=\"post\" data-id=\"14453\">Pr\u00e9sentation contrat porc<\/a><\/p>\n\n\n\n<p class=\"has-medium-font-size\"><\/p>\n\n\n\n<p class=\"has-medium-font-size\"><strong>VIN<\/strong> Chateau Courtey Norbert DEPAIRE Vigneron <em>(Sert AMAPlan\u00e8te depuis 2020)<\/em> <a href=\"http:\/\/www.amaplaneteblanquefort.fr\/wordpress\/2022\/08\/22\/presentation-contrat-vin\/\" data-type=\"post\" data-id=\"14463\">Pr\u00e9sentation du contrat Vin<\/a><\/p>\n\n\n\n<p class=\"has-medium-font-size\"><strong>VOLAILLE<\/strong> La ferme de Vertessec \u00e0 Avensan <em>(Sert AMAPlan\u00e8te depuis 2008)<\/em><a href=\"http:\/\/www.amaplaneteblanquefort.fr\/wordpress\/2022\/08\/22\/presentation-contrat-volaille\/\" data-type=\"post\" data-id=\"14458\"> <\/a><a href=\"http:\/\/www.amaplaneteblanquefort.fr\/wordpress\/2022\/08\/22\/presentation-contrat-volaille\/\" data-type=\"post\" data-id=\"14458\">Pr\u00e9sentation du contrat Volaille<\/a><\/p>\n\n\n\n<p><\/p>\n\n\n\n<p><\/p>\n","protected":false},"excerpt":{"rendered":"<p>UN CONTRAT VOUS INTERESSE ? AGNEAU la Ferme du Paillot Pascal et Dominique SANCIER \u00e0 Saint Antoine sur l\u2019Isle(Sert AMAPlan\u00e8te Blanquefort depuis 2008) Pr\u00e9sentation du contrat Agneau ASPERGES Pr\u00e9sentation contrat Asperges BOEUF &#8211; VEAU Laurent LABEGURIE \u00e0 Blanquefort (Sert AMAPlan\u00e8te depuis 2008) Pr\u00e9sentation du contrat Boeuf CHAMPIGNONS Laurent DISSON (LO CHAMPI BIO) fait pousser champignons &hellip; <a href=\"http:\/\/www.amaplaneteblanquefort.fr\/wordpress\/nos-producteurs\/\" class=\"more-link\">Continuer la lecture de <span class=\"screen-reader-text\">LES PRODUCTEURS<\/span> <span class=\"meta-nav\">&rarr;<\/span><\/a><\/p>\n","protected":false},"author":1,"featured_media":0,"parent":0,"menu_order":3,"comment_status":"closed","ping_status":"open","template":"","meta":{"footnotes":""},"class_list":["post-10","page","type-page","status-publish","hentry"],"_links":{"self":[{"href":"http:\/\/www.amaplaneteblanquefort.fr\/wordpress\/wp-json\/wp\/v2\/pages\/10","targetHints":{"allow":["GET"]}}],"collection":[{"href":"http:\/\/www.amaplaneteblanquefort.fr\/wordpress\/wp-json\/wp\/v2\/pages"}],"about":[{"href":"http:\/\/www.amaplaneteblanquefort.fr\/wordpress\/wp-json\/wp\/v2\/types\/page"}],"author":[{"embeddable":true,"href":"http:\/\/www.amaplaneteblanquefort.fr\/wordpress\/wp-json\/wp\/v2\/users\/1"}],"replies":[{"embeddable":true,"href":"http:\/\/www.amaplaneteblanquefort.fr\/wordpress\/wp-json\/wp\/v2\/comments?post=10"}],"version-history":[{"count":76,"href":"http:\/\/www.amaplaneteblanquefort.fr\/wordpress\/wp-json\/wp\/v2\/pages\/10\/revisions"}],"predecessor-version":[{"id":14713,"href":"http:\/\/www.amaplaneteblanquefort.fr\/wordpress\/wp-json\/wp\/v2\/pages\/10\/revisions\/14713"}],"wp:attachment":[{"href":"http:\/\/www.amaplaneteblanquefort.fr\/wordpress\/wp-json\/wp\/v2\/media?parent=10"}],"curies":[{"name":"wp","href":"https:\/\/api.w.org\/{rel}","templated":true}]}}